{"id":44813,"date":"2024-09-09T14:40:03","date_gmt":"2024-09-09T12:40:03","guid":{"rendered":"https:\/\/loesungs-impulse.ch\/kurse\/vorbereitungs-kursfuer-die-berufs-pruefung-vom-bundjob-beratung-start-08-08-2025-burgbuehl-st-antoni-auch-online\/"},"modified":"2025-08-09T14:14:38","modified_gmt":"2025-08-09T12:14:38","slug":"vorbereitungs-kursfuer-die-berufs-pruefung-vom-bundjob-beratung-start-08-08-2025-burgbuehl-st-antoni-auch-online","status":"publish","type":"tribe_events","link":"https:\/\/loesungs-impulse.ch\/ls\/kurse\/vorbereitungs-kursfuer-die-berufs-pruefung-vom-bundjob-beratung-start-08-08-2025-burgbuehl-st-antoni-auch-online\/","title":{"rendered":"Vorbereitungs-Kurs<br>f\u00fcr die Berufs-Pr\u00fcfung vom Bund<br>Job-Beratung, Start 08.08.2025* Burgb\u00fchl\/St. Antoni, auch online"},"content":{"rendered":"<h3><strong>Du kannst dich bei uns auf die Pr\u00fcfung vorbereiten.<\/p>\n<p><\/strong><\/h3>\n<p>Es gibt zwei Wege zum Kurs Job-Beratung. <\/p>\n<ul style=\"list-style-position: outside; padding-left: 40px;\">\n<li>Weg 1: Du arbeitest schon in der Job-Beratung.<br \/>Du hast schon 2 Jahre Berufs-Erfahrung. <\/li>\n<li>Weg 2: Du machst den Kurs bei uns.<br \/>So findest du leichter einen Job in der Job-Beratung.<br \/>Dann sammelst du die Berufs-Erfahrung f\u00fcr die Pr\u00fcfung.<\/li>\n<\/ul>\n<p>Du kannst vor der Pr\u00fcfung kostenlos bei uns mit-machen.<br \/>So bist du gut vorbereitet. <\/p>\n<p>Wir bieten 2 Vorbereitungs-Tage pro Jahr an.<br \/>\nEinmal im M\u00e4rz, einmal im September.<br \/>Du meldest dich daf\u00fcr an.<\/p>\n<h3>Nach dem Kurs bekommst du das Diplom f\u00fcr Job-Beratung<\/p>\n<\/h3>\n<ul style=\"list-style-position: outside; padding-left: 40px;\">\n<li>Du bist bereit f\u00fcr die Berufs-Pr\u00fcfung vom Bund.\n<\/li>\n<li>Das Bund-Diplom gibt die Pr\u00fcfungs-Kommission.\n<\/li>\n<\/ul>\n<p>Du musst daf\u00fcr Unter-Lagen abgeben.<br \/>Wir helfen dir dabei. <\/p>\n<p>Der Bund bezahlt die H\u00e4lfte der Kosten.<br \/>Das gilt, wenn du die Pr\u00fcfung vom Bund machst. <\/p>\n<h3>Job-Beratung hilft Menschen bei der Arbeits-Suche.<\/p>\n<\/h3>\n<p><strong>Was machst du in der Job-Beratung?<\/strong><br \/>\nDu hilfst Menschen mit Schwierigkeiten im Beruf.<br \/>\nGemeinsam findet ihr gute Ziele.<br \/>Du arbeitest mit Arbeits-Gebenden und Sozial-Diensten zusammen.    <\/p>\n<p><strong>Nach dem Kurs:<\/strong><\/p>\n<ul style=\"list-style-position: outside; padding-left: 40px;\">\n<li>Du findest die St\u00e4rken und W\u00fcnsche der Menschen.\n<\/li>\n<li>Die hilfst beim Finden von Zielen.<br \/>Du hilfst, einen Job zu finden.\n<\/li>\n<li>Du arbeitest mit \u00c4mtern und Firmen zusammen.<br \/>Du schaust, was jede Person braucht.<br \/>Du f\u00fchrst Gespr\u00e4che und machst Pl\u00e4ne.\n<\/li>\n<\/ul>\n<p><strong>Job-Beratung ist ein moderner Beruf.<br \/>Du kannst deine Arbeit selbst gestalten.<br \/>Du kannst in Firmen oder anderen Stellen arbeiten.<br \/>Oder selbst-st\u00e4ndig werden.<\/strong><\/p>\n<h3>Was m\u00f6chtest du machen?<\/h3>\n<p>Du kannst viele Dinge machen.<br \/>Der Kurs hilft dir im Beruf.<br \/>Du kannst leichter einen Job finden.<br \/>Du kannst eine eigene Firma gr\u00fcnden. <\/p>\n<p><strong>Wir helfen dir im neuen Beruf<\/strong><\/p>\n<p>Wir helfen dir bei deinem Start.<br \/>Am Anfang sprichst du mit uns.<\/p>\n<p>Wir planen zusammen deine Lern-Ziele.<br \/>Du lernst, worauf es ankommt. <\/p>\n<h3>Was lernst du?<\/h3>\n<p>Viele Dinge f\u00fcr gutes Beraten.<\/p>\n<p><strong>Teil 1: Auftr\u00e4ge planen und kl\u00e4ren<\/strong><\/p>\n<ul style=\"list-style-position: outside; padding-left: 40px;\">\n<li>Mit der Person ein erstes Gespr\u00e4ch f\u00fchren<\/li>\n<li>Infos sammeln<\/li>\n<li>Plan machen<\/li>\n<li>Arbeits-Start begleiten<\/li>\n<li>Berichte schreiben<\/li>\n<li>Schauen, dass die Person alles Wichtige hat<\/li>\n<\/ul>\n<p><strong>Teil 2: Menschen gut begleiten<\/strong><\/p>\n<ul style=\"list-style-position: outside; padding-left: 40px;\">\n<li>Welcher Beruf ist gut f\u00fcr die Person?<\/li>\n<li>Bei der Arbeits-Suche helfen.<br \/>Bei der Ausbildungs-Suche helfen.<\/li>\n<li>Bei Vorstellungs-Gespr\u00e4chen helfen.<\/li>\n<li>Bei der Gleich-Behandlung helfen<\/li>\n<li>Bei Konflikten helfen<\/li>\n<li>Wer kann bei Krisen helfen?<\/li>\n<li>Gute Gespr\u00e4che f\u00fchren<\/li>\n<li>Bei Gespr\u00e4chen ver-mitteln<\/li>\n<\/ul>\n<p><strong>C: Zusammen-Arbeit<\/strong><\/p>\n<ul style=\"list-style-position: outside; padding-left: 40px;\">\n<li>Mit F\u00fchrungs-Kr\u00e4ften, \u00c4mtern und Firmen zusammen-arbeiten<\/li>\n<li>Treffen leiten<\/li>\n<li>Mit vielen verschiedenen Menschen arbeiten<\/li>\n<li>Netz-Werke aufbauen<\/li>\n<li>F\u00fcr ein gutes Mit-einander am Arbeits-Platz sorgen<\/li>\n<li>Ver\u00e4ndern<\/li>\n<\/ul>\n<h3><\/h3>\n<h3>Viel neues Wissen<\/h3>\n<p><strong>Du entscheidest:<\/strong><br \/>\nDu kannst Teile vom Kurs machen.<br \/>Oder den ganzen Kurs.<br \/>Du kannst auch online lernen.  <\/p>\n<p><strong>Wie geht das?<\/strong><\/p>\n<ul style=\"list-style-position: outside; padding-left: 40px;\">\n<li>Du kommst zu uns<\/li>\n<li>Du nimmst online teil<\/li>\n<li>Du sprichst mit anderen bei uns<\/li>\n<li>Du sprichst mit anderen online<\/li>\n<li>Ihr arbeitet in der Gruppe<\/li>\n<li>Du lernst selbst<\/li>\n<li>Du bekommst Praxis-Aufgaben<\/li>\n<li>Du lernst mit anderen<\/li>\n<li>Du bekommst Beratung alleine<\/li>\n<li>Du bekommst Beratung in der Gruppe<\/li>\n<li>Lern-Beratung<\/li>\n<li>Du findest Dinge heraus<\/li>\n<li>Du lernst viel Neues<\/li>\n<\/ul>\n<p><strong>Unsere Lehr-Kr\u00e4fte haben viel Erfahrung.<\/strong><\/p>\n<h3>Online lernen<\/h3>\n<p>Unsere Lehr-Kr\u00e4fte wissen viel \u00fcbers Online-Lernen.   <\/p>\n<h3>Wann?<\/h3>\n<p>Kurs-Tage<br \/>\nKurs 3L\/25: Juni 2025 bis April 2026, abends und samstags, online<br \/>\nKurs 2L\/25: August 2025 bis Mai 2026, Luterbach<br \/>\nKurs 1BEFR\/25: August 2025 bis Mai 2026, Burgb\u00fchl\/St. Antoni<br \/>\nKurs 2B\/25: November 2025 bis Oktober 2026, Balsthal<br \/>\nKurs 2LB\/25: November 2025 bis Oktober 2026, Laufenburg<br \/>\nKurs 1LU\/25: November 2025 bis Oktober 2026, Luzern <\/p>\n<p><strong>Wie und wie lange?<\/strong><\/p>\n<p>Unterricht \u2013 24 Tage<\/p>\n<ul style=\"list-style-position: outside; padding-left: 40px;\">\n<li>Du kommst zu uns<\/li>\n<li>Du nimmst online teil<\/li>\n<li>Du sprichst mit anderen bei uns<\/li>\n<li>Du sprichst mit anderen online<\/li>\n<\/ul>\n<p>&nbsp;<\/p>\n<p>Du lernst selbst: bis zu 10 Stunden bei jedem Teil<\/p>\n<ul style=\"list-style-position: outside; padding-left: 40px;\">\n<li>Du lernst in der Gruppe<\/li>\n<li>Du lernst selbst<\/li>\n<li>Du bekommst Praxis-Aufgaben<\/li>\n<li>Du schaust online Wissen nach<\/li>\n<\/ul>\n<p>&nbsp;<\/p>\n<p>Beratung f\u00fcr dich \u2013 12 Stunden<\/p>\n<p>In der Gruppe<\/p>\n<ul style=\"list-style-position: outside; padding-left: 40px;\">\n<li>Lern-Beratung<\/li>\n<li>Du lernst mit anderen<\/li>\n<li>Gemeinsam geht es leichter<\/li>\n<\/ul>\n<p>&nbsp;<\/p>\n<p><strong>Kosten:<\/strong><\/p>\n<p>Kosten: 7&#8217;490 Franken<\/p>\n<p>Lern-Material: 250 Franken<strong><br \/>\n<\/strong><\/p>\n<p><strong>Der Bund hilft<\/strong>:<\/p>\n<p>Die H\u00e4lfte bekommst du vom Bund, wenn du die Pr\u00fcfung machst.<br \/>\nMaximal 3\u2019750 Franken.<br \/>Lies mehr dar\u00fcber auf: <a href=\"http:\/\/www.sbfi.admin.ch\/bundesbeitraege\" target=\"_blank\" rel=\"noopener\">www.sbfi.admin.ch\/bundesbeitraege <\/a>   <\/p>\n<p>Neue Regeln:<\/p>\n<p><strong>Du hast den Kurs Job-Beratung (6 Tage) schon gemacht? <\/strong><\/p>\n<p>Dann kannst du Tage an-rechnen lassen.<br \/>Du bezahlst dann weniger. <\/p>\n<p>&nbsp;<\/p>\n<h3>Anmeldung<\/h3>\n<p><strong>Bei<\/strong>:<\/p>\n<p><a href=\"https:\/\/loesungs-impulse.ch\/ls\/\"><u>PLI\u00ae Praxis f\u00fcr L\u00f6sungs-Impulse AG<\/u><\/a><\/p>\n<p>Gepr\u00fcfte Schule.<\/p>\n<p><strong>Mehr Info und An-Meldung<\/strong>:<\/p>\n<p>Praxis f\u00fcr L\u00f6sungs-Impulse AG | Industriestrasse 30b | 4542 Luterbach, Schweiz<br \/>\nKontakt: <a href=\"&#109;&#x61;i&#108;&#x74;o&#58;&#x69;n&#102;&#x6f;&#64;&#108;&#x6f;e&#115;&#x75;n&#103;&#x73;-&#105;&#x6d;p&#117;&#x6c;s&#101;&#x2e;c&#104;\"><u>&#x69;&#x6e;&#102;o&#64;&#x6c;&#x6f;&#101;&#115;u&#x6e;&#x67;&#115;&#45;i&#x6d;&#x70;&#x75;&#108;se&#x2e;&#x63;&#104;<\/u><\/a> | Telefon <a href=\"tel:+41325303361\">032 530 33 61<\/a><\/p>\n<h3><\/h3>\n<h3>Kurs-Tage<\/h3>\n<p><strong><u>Kurse ab M\u00e4rz 2025, <\/u><\/strong>vor Ort oder online<\/p>\n<p><strong>Kurs 2B\/25, freitags und samstag, Tiergartenweg 1, 4710 Balsthal<\/strong><\/p>\n<ul style=\"list-style-position: outside; padding-left: 40px;\">\n<li><strong>Teil 1: <\/strong>07. und 08.11.2025, 05. und 06.12.2025, 16. und 17.01.2026, 30. und 31.01.2026 <\/li>\n<li><strong>Teil 2: <\/strong>06. und 07.03.2026, 03. und 04.04.2026, 22. und 23.05.2026, 05. und 06.06.2026  <\/li>\n<li><strong>Teil 3: <\/strong>26. und 27.06.2026, 14. und 15.08.2026, 04. und 05.09.2026, 16. und 17.10.2026 <\/li>\n<\/ul>\n<p><strong>Kurs 1L\/25, freitags und samstags, Industriestrasse 30b, 4542 Luterbach<\/strong><\/p>\n<ul style=\"list-style-position: outside; padding-left: 40px;\">\n<li><strong>Teil 1: <\/strong>09. und 10.05.2025, 13. und 14.06.2025, 15. und 16.08.2025, 26. und 27.09.2025<\/li>\n<li><strong>Teil 2: <\/strong>24. und 25.10.2025, 14. und 15.11.2025, 05. und 06.12.2025, 16. und 17.01.2026 <\/li>\n<li><strong>Teil 3: <\/strong>20. und 21.02.2026, 13. und 14.03.2026, 24. und 25.04.2026, 15. und 16.05.2026<\/li>\n<\/ul>\n<p><strong>Kurs 2L\/25, freitags und samstags, Industriestrasse 30b, 4542 Luterbach<\/strong><\/p>\n<ul style=\"list-style-position: outside; padding-left: 40px;\">\n<li><strong>Teil 1: <\/strong>08. und 09.08.2025, 19. und 20.09.2025, 24. und 25.10.2025, 21. und 22.11.2025<\/li>\n<li><strong>Teil 2: <\/strong>05. und 06.12.2025, 09. und 10.01.2026, 06. und 07.02 2026, 27.02.2026, 07.03.2026  <\/li>\n<li><strong>Teil 3: <\/strong>20. und 21.03.2026, 17. und 18.04.2026, 08. und 09.05.2026, 22. und 23.05.2026 <\/li>\n<\/ul>\n<p><strong>Kurs 3L\/25, Dienstag abends und ganze Samstage, Industriestrasse 30b, 4542 Luterbach<\/strong><\/p>\n<ul style=\"list-style-position: outside; padding-left: 40px;\">\n<li><strong>Teil 1: <\/strong>03.06.2025, 10.06.2025, 17.06.2025, 24.06.2025, 01.07.2025, 12.08.2025, 19.08.2025, 26.08.2025, 02.09.2025, 09.09.2025, 16.09.2025, 23.09.2025, 14.10.2025, 21.10.2025, 25.10.2025 (SA)<\/li>\n<li><strong>Teil 2: <\/strong>28.10.2025, 04.11.2025, 11.11.2025, 18.11.2025, 02.12.2025, 09.12.2025, 16.12.2025, 06.01.2026, 13.01.2026, 20.01.2026, 27.01.2026, 03.02.2026, 10.02.2026, 17.02.2026, 21.02.2026 (SA)<\/li>\n<li><strong>Teil 3: <\/strong>24.02.2026, 03.03.2026, 10.03.2026, 17.03.2026, 24.03.2026, 31.03.2026, 04.04.2026 (SA), 07.04.2026, 14.04.2026, 18.04.2026 (SA), 25.04.2026 (SA), 02.05.2026 (SA)<\/li>\n<\/ul>\n<p><strong>Kurs 1BEFR\/25, freitags und samstags, Bern \/ Freiburg St. Antoni Burgb\u00fchl<\/strong><\/p>\n<ul style=\"list-style-position: outside; padding-left: 40px;\">\n<li><strong>Teil 1: <\/strong>08. und 09.08.2025, 19. und 20.09.2025, 24. und 25.10.2025, 21. und 22.11.2025<\/li>\n<li><strong>Teil 2: <\/strong>05. und 06.12.2025, 09. und 10.01.2026, 06. und 07.02.2026, 06. und 07.03.2026   <\/li>\n<li><strong>Teil 3: <\/strong>20. und 21.03.2026, 17. und 18.04.2026, 08. und 09.05.2026, 22. und 23.05.2026 <\/li>\n<\/ul>\n<p><strong>Kurs 1 LU\/25, freitags und samstags, Luzern<\/strong><\/p>\n<ul style=\"list-style-position: outside; padding-left: 40px;\">\n<li><strong>Teil 1: <\/strong>07. und 08.11.2025, 05. und 06.12.2025, 16. und 17.1.2026, 30. und 31.01.2026 <\/li>\n<li><strong>Teil 2: <\/strong>06. und 07.03.2026, 03. und 04.04.2026, 22. und 23.05.2026, 05. und 06.06.2026  <\/li>\n<li><strong>Teil 3:<\/strong> 26. und 27.06.2026, 14. und 15.08.2026, 04. und 05.09.2026, 09. und 10.10.2026  <\/li>\n<\/ul>\n<h3><\/h3>\n<h3>Das Anmelde-Formular und Infos findest du unter INFO.<\/h3>\n","protected":false},"excerpt":{"rendered":"<p>Du kannst dich bei uns auf die Pr\u00fcfung vorbereiten. Es gibt zwei Wege zum Kurs Job-Beratung. Weg 1: Du arbeitest schon in der Job-Beratung.Du hast schon 2 Jahre Berufs-Erfahrung. Weg [&hellip;]<\/p>\n","protected":false},"author":3,"featured_media":44778,"template":"","meta":{"_et_pb_use_builder":"","_et_pb_old_content":"","_et_gb_content_width":"","_price":"","_stock":"","_tribe_ticket_header":"","_tribe_default_ticket_provider":"","_tribe_ticket_capacity":"0","_ticket_start_date":"","_ticket_end_date":"","_tribe_ticket_show_description":"","_tribe_ticket_show_not_going":false,"_tribe_ticket_use_global_stock":"","_tribe_ticket_global_stock_level":"","_global_stock_mode":"","_global_stock_cap":"","_tribe_rsvp_for_event":"","_tribe_ticket_going_count":"","_tribe_ticket_not_going_count":"","_tribe_tickets_list":"[]","_tribe_ticket_has_attendee_info_fields":false,"_tribe_events_status":"","_tribe_events_status_reason":"","footnotes":"","_tec_slr_enabled":"","_tec_slr_layout":""},"tags":[],"tribe_events_cat":[],"class_list":["post-44813","tribe_events","type-tribe_events","status-publish","has-post-thumbnail","hentry"],"ticketed":false,"_links":{"self":[{"href":"https:\/\/loesungs-impulse.ch\/ls\/wp-json\/wp\/v2\/tribe_events\/44813","targetHints":{"allow":["GET"]}}],"collection":[{"href":"https:\/\/loesungs-impulse.ch\/ls\/wp-json\/wp\/v2\/tribe_events"}],"about":[{"href":"https:\/\/loesungs-impulse.ch\/ls\/wp-json\/wp\/v2\/types\/tribe_events"}],"author":[{"embeddable":true,"href":"https:\/\/loesungs-impulse.ch\/ls\/wp-json\/wp\/v2\/users\/3"}],"version-history":[{"count":1,"href":"https:\/\/loesungs-impulse.ch\/ls\/wp-json\/wp\/v2\/tribe_events\/44813\/revisions"}],"predecessor-version":[{"id":45505,"href":"https:\/\/loesungs-impulse.ch\/ls\/wp-json\/wp\/v2\/tribe_events\/44813\/revisions\/45505"}],"wp:featuredmedia":[{"embeddable":true,"href":"https:\/\/loesungs-impulse.ch\/ls\/wp-json\/wp\/v2\/media\/44778"}],"wp:attachment":[{"href":"https:\/\/loesungs-impulse.ch\/ls\/wp-json\/wp\/v2\/media?parent=44813"}],"wp:term":[{"taxonomy":"post_tag","embeddable":true,"href":"https:\/\/loesungs-impulse.ch\/ls\/wp-json\/wp\/v2\/tags?post=44813"},{"taxonomy":"tribe_events_cat","embeddable":true,"href":"https:\/\/loesungs-impulse.ch\/ls\/wp-json\/wp\/v2\/tribe_events_cat?post=44813"}],"curies":[{"name":"wp","href":"https:\/\/api.w.org\/{rel}","templated":true}]}}